{"id":17,"date":"2022-09-01T19:35:52","date_gmt":"2022-09-01T19:35:52","guid":{"rendered":"https:\/\/www.samoobronapoznan.pl\/?page_id=17"},"modified":"2025-04-02T09:42:08","modified_gmt":"2025-04-02T09:42:08","slug":"warsztaty-i-szkolenia","status":"publish","type":"page","link":"https:\/\/www.samoobronapoznan.pl\/?page_id=17","title":{"rendered":"WARSZTATY I SZKOLENIA"},"content":{"rendered":"\n<figure class=\"wp-block-image size-large\"><img loading=\"lazy\" decoding=\"async\" width=\"1024\" height=\"576\" src=\"https:\/\/www.samoobronapoznan.pl\/wp-content\/uploads\/2025\/01\/warsztaty-1024x576.jpg\" alt=\"\" class=\"wp-image-1237\" srcset=\"https:\/\/www.samoobronapoznan.pl\/wp-content\/uploads\/2025\/01\/warsztaty-1024x576.jpg 1024w, https:\/\/www.samoobronapoznan.pl\/wp-content\/uploads\/2025\/01\/warsztaty-300x169.jpg 300w, https:\/\/www.samoobronapoznan.pl\/wp-content\/uploads\/2025\/01\/warsztaty-768x432.jpg 768w, https:\/\/www.samoobronapoznan.pl\/wp-content\/uploads\/2025\/01\/warsztaty-1536x864.jpg 1536w, https:\/\/www.samoobronapoznan.pl\/wp-content\/uploads\/2025\/01\/warsztaty.jpg 1920w\" sizes=\"auto, (max-width: 1024px) 100vw, 1024px\" \/><\/figure>\n\n\n\n<p class=\"wp-block-paragraph\"><strong>Warsztaty Samoobrony i Szkolenia z bezpiecze\u0144stwa<\/strong><\/p>\n\n\n\n<p class=\"wp-block-paragraph\">Bezpiecze\u0144stwo w pracy to jeden z kluczowych aspekt\u00f3w, kt\u00f3ry wp\u0142ywa na komfort i efektywno\u015b\u0107 zespo\u0142\u00f3w. Nasze <strong>warsztaty samoobrony<\/strong> to doskona\u0142a propozycja, kt\u00f3ra nie tylko zwi\u0119ksza poczucie bezpiecze\u0144stwa, ale tak\u017ce pomaga w budowaniu zaufania i integracji w zespole. Oferujemy <strong>szkolenia samoobrony<\/strong>, kt\u00f3re s\u0105 idealnym rozwi\u0105zaniem na <strong>eventy firmowe<\/strong>, <strong>dni BHP<\/strong> czy <strong><a href=\"https:\/\/www.samoobronapoznan.pl\/?page_id=21\">integracj\u0119 <\/a>firmow\u0105<\/strong> w Poznaniu, Warszawie, Szczecinie i innych miastach w Polsce.<\/p>\n\n\n\n<p class=\"wp-block-paragraph\">Niezale\u017cnie od lokalizacji Twojej firmy \u2013 czy to <strong>integracja firmowa Pozna\u0144<\/strong>, <strong>integracja firmowa Warszawa<\/strong>, czy <strong>integracja firmowa Szczecin<\/strong> \u2013 doje\u017cd\u017camy wsz\u0119dzie, oferuj\u0105c profesjonalne i interaktywne warsztaty. Szkolenia s\u0105 prowadzone przez do\u015bwiadczonych instruktor\u00f3w, kt\u00f3rzy zapewni\u0105 praktyczne umiej\u0119tno\u015bci obrony w sytuacjach zagro\u017cenia, ale tak\u017ce ucz\u0105, jak reagowa\u0107 w stresuj\u0105cych warunkach.<\/p>\n\n\n\n<p class=\"wp-block-paragraph\"><strong>Szkolenia dla firm<\/strong> s\u0105 dostosowane do potrzeb konkretnego zespo\u0142u, oferuj\u0105c indywidualne podej\u015bcie i scenariusze, kt\u00f3re mog\u0105 zdarzy\u0107 si\u0119 w miejscu pracy. Podczas naszych <strong>warsztat\u00f3w samoobrony<\/strong> pracownicy naucz\u0105 si\u0119 podstawowych technik obronnych, a tak\u017ce jak poradzi\u0107 sobie w sytuacjach kryzysowych, kt\u00f3re mog\u0105 zdarzy\u0107 si\u0119 zar\u00f3wno w biurze, jak i poza nim.<\/p>\n\n\n\n<p class=\"wp-block-paragraph\">Opr\u00f3cz nauki samoobrony, nasze <strong>eventy firmowe<\/strong> maj\u0105 na celu wzmocnienie wi\u0119zi mi\u0119dzy pracownikami, popraw\u0119 komunikacji w zespole i zwi\u0119kszenie motywacji do wsp\u00f3\u0142pracy. To doskona\u0142y spos\u00f3b na <strong>integracj\u0119 firmow\u0105<\/strong>, kt\u00f3ry zapewni niezapomniane wra\u017cenia i poprawi atmosfer\u0119 pracy.<\/p>\n\n\n\n<p class=\"wp-block-paragraph\"><strong>Warsztaty i prelekcje dla senior\u00f3w<\/strong> \u2013 Zaj\u0119cia skupiaj\u0105ce si\u0119 na bezpiecze\u0144stwie os\u00f3b starszych. Opr\u00f3cz podstawowych technik samoobrony, seniorzy ucz\u0105 si\u0119, jak unika\u0107 zagro\u017ce\u0144 i zwi\u0119kszy\u0107 swoje poczucie bezpiecze\u0144stwa w codziennym \u017cyciu. Dzi\u0119ki naszym <strong>kursom dla senior\u00f3w<\/strong>, uczestnicy poznaj\u0105 proste i skuteczne metody radzenia sobie w niebezpiecznych sytuacjach, dowiaduj\u0105 si\u0119, jak unika\u0107 potencjalnych zagro\u017ce\u0144, a tak\u017ce jak zwi\u0119kszy\u0107 swoj\u0105 pewno\u015b\u0107 siebie w codziennym funkcjonowaniu. <strong>Samoobrona dla senior\u00f3w<\/strong> to nie tylko techniki fizyczne, ale tak\u017ce nauka w\u0142a\u015bciwego reagowania i budowania \u015bwiadomo\u015bci zagro\u017ce\u0144.<\/p>\n\n\n\n<p class=\"wp-block-paragraph\">Nie czekaj \u2013 zorganizuj <strong>warsztaty samoobrony<\/strong> ju\u017c teraz i zainwestuj w bezpiecze\u0144stwo i integracj\u0119 swojego zespo\u0142u. Dzi\u0119ki naszym szkoleniom, Twoi pracownicy b\u0119d\u0105 lepiej przygotowani na r\u00f3\u017cne wyzwania, a jednocze\u015bnie sp\u0119dz\u0105 czas w gronie wsp\u00f3\u0142pracownik\u00f3w, buduj\u0105c lepsze relacje i zaufanie.<\/p>\n\n\n\n<p class=\"wp-block-paragraph\">Skontaktuj si\u0119 z nami, aby um\u00f3wi\u0107 dogodny termin i dowiedzie\u0107 si\u0119 wi\u0119cej o naszych <strong>szkoleniach samoobrony<\/strong>!<\/p>\n\n\n\n<p class=\"wp-block-paragraph\">Oferujemy szkolenia z zakresu samoobrony dla pracownik\u00f3w socjalnych, kadry medycznej, kierowc\u00f3w itp.<\/p>\n\n\n\n<p class=\"wp-block-paragraph\">Zapraszamy do kontaktu po bezp\u0142atn\u0105 wycen\u0119 szkolenia:<\/p>\n\n\n\n<p class=\"wp-block-paragraph\"><a href=\"mailto:kontakt@samoobronapoznan.pl\">kontakt@samoobronapoznan.pl<\/a><\/p>\n\n\n<noscript class=\"ninja-forms-noscript-message\">\n\tUwaga: ta zawarto\u015b\u0107 wymaga obs\u0142ugi j\u0119zyka JavaScript.<\/noscript>\n<div id=\"nf-form-3-cont\" class=\"nf-form-cont\" aria-live=\"polite\" aria-labelledby=\"nf-form-title-3\" aria-describedby=\"nf-form-errors-3\" role=\"form\">\n\n    <div class=\"nf-loading-spinner\"><\/div>\n\n<\/div>\n        <!-- That data is being printed as a workaround to page builders reordering the order of the scripts loaded-->\n        <script>var formDisplay=1;var nfForms=nfForms||[];var form=[];form.id='3';form.settings={\"ninjaForms\":\"Ninja Forms\",\"changeEmailErrorMsg\":\"Wprowad\\u017a prawid\\u0142owy adres e-mail!\",\"changeDateErrorMsg\":\"Prosz\\u0119 wpisa\\u0107 prawid\\u0142ow\\u0105 dat\\u0119!\",\"confirmFieldErrorMsg\":\"Te pola musz\\u0105 si\\u0119 zgadza\\u0107!\",\"fieldNumberNumMinError\":\"B\\u0142\\u0105d \\u2014 liczba minimalna\",\"fieldNumberNumMaxError\":\"B\\u0142\\u0105d \\u2014 liczba maksymalna\",\"fieldNumberIncrementBy\":\"Zwi\\u0119ksz o \",\"fieldTextareaRTEInsertLink\":\"Wstaw odno\\u015bnik\",\"fieldTextareaRTEInsertMedia\":\"Wstaw media\",\"fieldTextareaRTESelectAFile\":\"Wybierz plik\",\"tableInsertRowAbove\":\"Insert Row Above\",\"tableInsertRowBelow\":\"Insert Row Below\",\"tableInsertColumnLeft\":\"Insert Column Left\",\"tableInsertColumnRight\":\"Insert Column Right\",\"tableDeleteRow\":\"Delete Row\",\"tableDeleteColumn\":\"Delete Column\",\"tableDeleteTable\":\"Delete Table\",\"tableLegacyNotice\":\"This content has tables in the old editor format. Custom styles are preserved until converted. Editing will update to the new format.\",\"tableLegacyConvert\":\"Convert Now\",\"tableInsertTable\":\"Insert Table\",\"dismiss\":\"Odrzu\\u0107\",\"insertLink\":\"Wstaw odno\\u015bnik\",\"formErrorsCorrectErrors\":\"Popraw b\\u0142\\u0119dy, zanim prze\\u015blesz formularz.\",\"formHoneypot\":\"Je\\u015bli jeste\\u015b cz\\u0142owiekiem i widzisz to pole, nie wype\\u0142niaj go.\",\"validateRequiredField\":\"To jest wymagane pole.\",\"honeypotHoneypotError\":\"B\\u0142\\u0105d Honeypot\",\"fileUploadOldCodeFileUploadInProgress\":\"Przesy\\u0142anie pliku w toku.\",\"fileUploadOldCodeFileUpload\":\"PRZESY\\u0141ANIE PLIKU\",\"currencySymbol\":false,\"fieldsMarkedRequired\":\"Pola oznaczone znakiem <span class=\\\"ninja-forms-req-symbol\\\">*<\\\/span> s\\u0105 wymagane\",\"thousands_sep\":\",\",\"decimal_point\":\",\",\"siteLocale\":\"pl_PL\",\"dateFormat\":\"m\\\/d\\\/Y\",\"startOfWeek\":\"1\",\"of\":\"z\",\"previousMonth\":\"Poprzedni miesi\\u0105c\",\"nextMonth\":\"Nast\\u0119pny miesi\\u0105c\",\"months\":[\"Stycze\\u0144\",\"Luty\",\"Marzec\",\"Kwiecie\\u0144\",\"Maj\",\"Czerwiec\",\"Lipiec\",\"Sierpie\\u0144\",\"Wrzesie\\u0144\",\"Pa\\u017adziernik\",\"Listopad\",\"Grudzie\\u0144\"],\"monthsShort\":[\"Sty\",\"Lut\",\"Mar\",\"Kw\",\"Maj\",\"Cze\",\"Lip\",\"Sie\",\"Wrz\",\"Pa\\u017a\",\"Lis\",\"Gru\"],\"weekdays\":[\"Niedziela\",\"Poniedzia\\u0142ek\",\"Wtorek\",\"\\u015aroda\",\"Czwartek\",\"Pi\\u0105tek\",\"Sobota\"],\"weekdaysShort\":[\"Niedz\",\"Pon\",\"Wt\",\"\\u015ar\",\"Czw\",\"Pt\",\"Sob\"],\"weekdaysMin\":[\"Niedz\",\"Pon\",\"Wt\",\"\\u015ar\",\"Czw\",\"Pt\",\"Sob\"],\"recaptchaConsentMissing\":\"reCaptcha validation couldn&#039;t load.\",\"recaptchaMissingCookie\":\"reCaptcha v3 validation couldn&#039;t load the cookie needed to submit the form.\",\"recaptchaConsentEvent\":\"Accept reCaptcha cookies before sending the form.\",\"hourPlaceholder\":\"Hour\",\"minutePlaceholder\":\"Minute\",\"am\":\"AM\",\"pm\":\"PM\",\"objectType\":\"Form Setting\",\"editActive\":false,\"title\":\"Zapytaj o bezp\\u0142atn\\u0105 wycen\\u0119\",\"show_title\":1,\"allow_public_link\":0,\"embed_form\":\"\",\"clear_complete\":1,\"hide_complete\":1,\"default_label_pos\":\"above\",\"wrapper_class\":\"\",\"element_class\":\"\",\"form_title_heading_level\":\"3\",\"key\":\"\",\"add_submit\":0,\"currency\":\"\",\"unique_field_error\":\"Formularz z t\\u0105 warto\\u015bci\\u0105 zosta\\u0142 ju\\u017c przes\\u0142any.\",\"logged_in\":false,\"not_logged_in_msg\":\"\",\"sub_limit_msg\":\"Formularz osi\\u0105gn\\u0105\\u0142 limit wys\\u0142a\\u0144.\",\"calculations\":[],\"formContentData\":[\"firstname_1728750630601\",\"city_1728750635432\",\"email_1728750639105\",\"phone_1728750639773\",\"wiadomosc_1728750683472\",\"submit_1728750657703\"],\"currency_symbol\":\"\",\"beforeForm\":\"\",\"beforeFields\":\"\",\"afterFields\":\"\",\"afterForm\":\"\"};form.fields=[{\"objectType\":\"Field\",\"objectDomain\":\"fields\",\"editActive\":false,\"order\":999,\"idAttribute\":\"id\",\"type\":\"firstname\",\"label\":\"Imi\\u0119\",\"key\":\"firstname_1728750630601\",\"label_pos\":\"above\",\"required\":false,\"default\":\"\",\"placeholder\":\"\",\"container_class\":\"\",\"element_class\":\"\",\"admin_label\":\"\",\"help_text\":\"\",\"custom_name_attribute\":\"fname\",\"personally_identifiable\":1,\"value\":\"\",\"id\":20,\"beforeField\":\"\",\"afterField\":\"\",\"parentType\":\"firstname\",\"element_templates\":[\"firstname\",\"input\"],\"old_classname\":\"\",\"wrap_template\":\"wrap\"},{\"objectType\":\"Field\",\"objectDomain\":\"fields\",\"editActive\":false,\"order\":999,\"idAttribute\":\"id\",\"type\":\"city\",\"label\":\"Miejscowo\\u015b\\u0107\",\"key\":\"city_1728750635432\",\"label_pos\":\"above\",\"required\":false,\"default\":\"\",\"placeholder\":\"\",\"container_class\":\"\",\"element_class\":\"\",\"input_limit\":\"\",\"input_limit_type\":\"characters\",\"input_limit_msg\":\"Liczba pozosta\\u0142ych znak\\u00f3w:\",\"manual_key\":false,\"admin_label\":\"\",\"help_text\":\"\",\"mask\":\"\",\"custom_mask\":\"\",\"custom_name_attribute\":\"city\",\"personally_identifiable\":\"\",\"value\":\"\",\"id\":21,\"beforeField\":\"\",\"afterField\":\"\",\"parentType\":\"city\",\"element_templates\":[\"city\",\"textbox\",\"input\"],\"old_classname\":\"\",\"wrap_template\":\"wrap\"},{\"objectType\":\"Field\",\"objectDomain\":\"fields\",\"editActive\":false,\"order\":999,\"idAttribute\":\"id\",\"type\":\"email\",\"label\":\"E-mail\",\"key\":\"email_1728750639105\",\"label_pos\":\"above\",\"required\":false,\"default\":\"\",\"placeholder\":\"\",\"container_class\":\"\",\"element_class\":\"\",\"admin_label\":\"\",\"help_text\":\"\",\"custom_name_attribute\":\"email\",\"personally_identifiable\":1,\"value\":\"\",\"id\":22,\"beforeField\":\"\",\"afterField\":\"\",\"parentType\":\"email\",\"element_templates\":[\"email\",\"input\"],\"old_classname\":\"\",\"wrap_template\":\"wrap\"},{\"objectType\":\"Field\",\"objectDomain\":\"fields\",\"editActive\":false,\"order\":999,\"idAttribute\":\"id\",\"type\":\"phone\",\"label\":\"Numer telefonu\",\"key\":\"phone_1728750639773\",\"label_pos\":\"above\",\"required\":false,\"default\":\"\",\"placeholder\":\"\",\"container_class\":\"\",\"element_class\":\"\",\"input_limit\":\"\",\"input_limit_type\":\"characters\",\"input_limit_msg\":\"Liczba pozosta\\u0142ych znak\\u00f3w:\",\"manual_key\":false,\"admin_label\":\"\",\"help_text\":\"\",\"mask\":\"\",\"custom_mask\":\"\",\"custom_name_attribute\":\"phone\",\"personally_identifiable\":1,\"value\":\"\",\"id\":23,\"beforeField\":\"\",\"afterField\":\"\",\"parentType\":\"textbox\",\"element_templates\":[\"tel\",\"textbox\",\"input\"],\"old_classname\":\"\",\"wrap_template\":\"wrap\"},{\"objectType\":\"Field\",\"objectDomain\":\"fields\",\"editActive\":false,\"order\":999,\"idAttribute\":\"id\",\"type\":\"textarea\",\"label\":\"Wiadomo\\u015b\\u0107\",\"key\":\"wiadomosc_1728750683472\",\"label_pos\":\"above\",\"required\":false,\"default\":\"\",\"placeholder\":\"\",\"container_class\":\"\",\"element_class\":\"\",\"input_limit\":\"\",\"input_limit_type\":\"characters\",\"input_limit_msg\":\"Liczba pozosta\\u0142ych znak\\u00f3w:\",\"manual_key\":false,\"admin_label\":\"\",\"help_text\":\"\",\"textarea_rte\":\"\",\"disable_rte_mobile\":\"\",\"textarea_media\":\"\",\"value\":\"\",\"drawerDisabled\":false,\"id\":24,\"beforeField\":\"\",\"afterField\":\"\",\"parentType\":\"textarea\",\"element_templates\":[\"textarea\",\"input\"],\"old_classname\":\"\",\"wrap_template\":\"wrap\"},{\"objectType\":\"Field\",\"objectDomain\":\"fields\",\"editActive\":false,\"order\":999,\"idAttribute\":\"id\",\"type\":\"submit\",\"label\":\"Wy\\u015blij\",\"processing_label\":\"W trakcie realizacji\",\"container_class\":\"\",\"element_class\":\"\",\"key\":\"submit_1728750657703\",\"admin_label\":\"\",\"id\":25,\"beforeField\":\"\",\"afterField\":\"\",\"value\":\"\",\"label_pos\":\"above\",\"parentType\":\"textbox\",\"element_templates\":[\"submit\",\"button\",\"input\"],\"old_classname\":\"\",\"wrap_template\":\"wrap-no-label\"}];nfForms.push(form);<\/script>\n        ","protected":false},"excerpt":{"rendered":"<p>Warsztaty Samoobrony i Szkolenia z bezpiecze\u0144stwa Bezpiecze\u0144stwo w pracy to jeden z kluczowych aspekt\u00f3w, kt\u00f3ry wp\u0142ywa na komfort i efektywno\u015b\u0107 zespo\u0142\u00f3w. Nasze warsztaty samoobrony to doskona\u0142a propozycja, kt\u00f3ra nie tylko zwi\u0119ksza poczucie bezpiecze\u0144stwa, ale tak\u017ce pomaga w budowaniu zaufania i integracji w zespole. Oferujemy szkolenia samoobrony, kt\u00f3re s\u0105 idealnym rozwi\u0105zaniem na eventy firmowe, dni BHP czy integracj\u0119 firmow\u0105 w Poznaniu, Warszawie, Szczecinie i innych miastach w Polsce. Niezale\u017cnie od lokalizacji Twojej firmy \u2013 czy to integracja firmowa Pozna\u0144, integracja firmowa Warszawa, czy integracja firmowa Szczecin \u2013 doje\u017cd\u017camy wsz\u0119dzie, oferuj\u0105c profesjonalne i interaktywne warsztaty. Szkolenia s\u0105 prowadzone przez do\u015bwiadczonych instruktor\u00f3w, kt\u00f3rzy&#8230; <\/p>\n","protected":false},"author":1,"featured_media":0,"parent":0,"menu_order":0,"comment_status":"closed","ping_status":"closed","template":"","meta":{"ngg_post_thumbnail":0,"footnotes":""},"class_list":["post-17","page","type-page","status-publish","hentry"],"yoast_head":"<!-- This site is optimized with the Yoast SEO Premium plugin v26.6 (Yoast SEO v28.3) - https:\/\/yoast.com\/product\/yoast-seo-premium-wordpress\/ -->\n<title>Warsztaty samoobrony<\/title>\n<meta name=\"description\" content=\"kursy samoobrony dla kobiet, kursy samoobrony dla firm, kursy samoobrony dla grup mieszanych, integracje firmowe, warsztaty samoobrony\" \/>\n<meta name=\"robots\" content=\"index, follow, max-snippet:-1, max-image-preview:large, max-video-preview:-1\" \/>\n<link rel=\"canonical\" href=\"https:\/\/www.samoobronapoznan.pl\/?page_id=17\" \/>\n<meta property=\"og:locale\" content=\"pl_PL\" \/>\n<meta property=\"og:type\" content=\"article\" \/>\n<meta property=\"og:title\" content=\"WARSZTATY I SZKOLENIA\" \/>\n<meta property=\"og:description\" content=\"kursy samoobrony dla kobiet, kursy samoobrony dla firm, kursy samoobrony dla grup mieszanych, integracje firmowe, warsztaty samoobrony\" \/>\n<meta property=\"og:url\" content=\"https:\/\/www.samoobronapoznan.pl\/?page_id=17\" \/>\n<meta property=\"og:site_name\" content=\"Samoobrona Pozna\u0144\" \/>\n<meta property=\"article:publisher\" content=\"https:\/\/facebook.com\/samoobronapoznan\" \/>\n<meta property=\"article:modified_time\" content=\"2025-04-02T09:42:08+00:00\" \/>\n<meta property=\"og:image\" content=\"https:\/\/www.samoobronapoznan.pl\/wp-content\/uploads\/2025\/01\/warsztaty-1024x576.jpg\" \/>\n<meta name=\"twitter:card\" content=\"summary_large_image\" \/>\n<meta name=\"twitter:label1\" content=\"Szacowany czas czytania\" \/>\n\t<meta name=\"twitter:data1\" content=\"2 minuty\" \/>\n<script type=\"application\/ld+json\" class=\"yoast-schema-graph\">{\"@context\":\"https:\\\/\\\/schema.org\",\"@graph\":[{\"@type\":\"WebPage\",\"@id\":\"https:\\\/\\\/www.samoobronapoznan.pl\\\/?page_id=17\",\"url\":\"https:\\\/\\\/www.samoobronapoznan.pl\\\/?page_id=17\",\"name\":\"Warsztaty samoobrony\",\"isPartOf\":{\"@id\":\"https:\\\/\\\/www.samoobronapoznan.pl\\\/#website\"},\"primaryImageOfPage\":{\"@id\":\"https:\\\/\\\/www.samoobronapoznan.pl\\\/?page_id=17#primaryimage\"},\"image\":{\"@id\":\"https:\\\/\\\/www.samoobronapoznan.pl\\\/?page_id=17#primaryimage\"},\"thumbnailUrl\":\"https:\\\/\\\/www.samoobronapoznan.pl\\\/wp-content\\\/uploads\\\/2025\\\/01\\\/warsztaty-1024x576.jpg\",\"datePublished\":\"2022-09-01T19:35:52+00:00\",\"dateModified\":\"2025-04-02T09:42:08+00:00\",\"description\":\"kursy samoobrony dla kobiet, kursy samoobrony dla firm, kursy samoobrony dla grup mieszanych, integracje firmowe, warsztaty samoobrony\",\"breadcrumb\":{\"@id\":\"https:\\\/\\\/www.samoobronapoznan.pl\\\/?page_id=17#breadcrumb\"},\"inLanguage\":\"pl-PL\",\"potentialAction\":[{\"@type\":\"ReadAction\",\"target\":[\"https:\\\/\\\/www.samoobronapoznan.pl\\\/?page_id=17\"]}]},{\"@type\":\"ImageObject\",\"inLanguage\":\"pl-PL\",\"@id\":\"https:\\\/\\\/www.samoobronapoznan.pl\\\/?page_id=17#primaryimage\",\"url\":\"https:\\\/\\\/www.samoobronapoznan.pl\\\/wp-content\\\/uploads\\\/2025\\\/01\\\/warsztaty.jpg\",\"contentUrl\":\"https:\\\/\\\/www.samoobronapoznan.pl\\\/wp-content\\\/uploads\\\/2025\\\/01\\\/warsztaty.jpg\",\"width\":1920,\"height\":1080},{\"@type\":\"BreadcrumbList\",\"@id\":\"https:\\\/\\\/www.samoobronapoznan.pl\\\/?page_id=17#breadcrumb\",\"itemListElement\":[{\"@type\":\"ListItem\",\"position\":1,\"name\":\"Strona g\u0142\u00f3wna\",\"item\":\"https:\\\/\\\/www.samoobronapoznan.pl\\\/\"},{\"@type\":\"ListItem\",\"position\":2,\"name\":\"WARSZTATY I SZKOLENIA\"}]},{\"@type\":\"WebSite\",\"@id\":\"https:\\\/\\\/www.samoobronapoznan.pl\\\/#website\",\"url\":\"https:\\\/\\\/www.samoobronapoznan.pl\\\/\",\"name\":\"Samoobrona Pozna\u0144\",\"description\":\"Wielkopolskie Centrum Samoobrony i Bezpiecze\u0144stwa\",\"publisher\":{\"@id\":\"https:\\\/\\\/www.samoobronapoznan.pl\\\/#organization\"},\"potentialAction\":[{\"@type\":\"SearchAction\",\"target\":{\"@type\":\"EntryPoint\",\"urlTemplate\":\"https:\\\/\\\/www.samoobronapoznan.pl\\\/?s={search_term_string}\"},\"query-input\":{\"@type\":\"PropertyValueSpecification\",\"valueRequired\":true,\"valueName\":\"search_term_string\"}}],\"inLanguage\":\"pl-PL\"},{\"@type\":\"Organization\",\"@id\":\"https:\\\/\\\/www.samoobronapoznan.pl\\\/#organization\",\"name\":\"Wielkopolskie Centrum Samoobrony i Bezpiecze\u0144stwa Pozna\u0144\",\"url\":\"https:\\\/\\\/www.samoobronapoznan.pl\\\/\",\"logo\":{\"@type\":\"ImageObject\",\"inLanguage\":\"pl-PL\",\"@id\":\"https:\\\/\\\/www.samoobronapoznan.pl\\\/#\\\/schema\\\/logo\\\/image\\\/\",\"url\":\"https:\\\/\\\/www.samoobronapoznan.pl\\\/wp-content\\\/uploads\\\/2022\\\/09\\\/WCSIB.jpg\",\"contentUrl\":\"https:\\\/\\\/www.samoobronapoznan.pl\\\/wp-content\\\/uploads\\\/2022\\\/09\\\/WCSIB.jpg\",\"width\":960,\"height\":956,\"caption\":\"Wielkopolskie Centrum Samoobrony i Bezpiecze\u0144stwa Pozna\u0144\"},\"image\":{\"@id\":\"https:\\\/\\\/www.samoobronapoznan.pl\\\/#\\\/schema\\\/logo\\\/image\\\/\"},\"sameAs\":[\"https:\\\/\\\/facebook.com\\\/samoobronapoznan\",\"https:\\\/\\\/www.instagram.com\\\/wcsib_poznan\"],\"email\":\"kontakt@samoobronapoznan.pl\",\"telephone\":\"+48 727 907 468\"}]}<\/script>\n<!-- \/ Yoast SEO Premium plugin. -->","yoast_head_json":{"title":"Warsztaty samoobrony","description":"kursy samoobrony dla kobiet, kursy samoobrony dla firm, kursy samoobrony dla grup mieszanych, integracje firmowe, warsztaty samoobrony","robots":{"index":"index","follow":"follow","max-snippet":"max-snippet:-1","max-image-preview":"max-image-preview:large","max-video-preview":"max-video-preview:-1"},"canonical":"https:\/\/www.samoobronapoznan.pl\/?page_id=17","og_locale":"pl_PL","og_type":"article","og_title":"WARSZTATY I SZKOLENIA","og_description":"kursy samoobrony dla kobiet, kursy samoobrony dla firm, kursy samoobrony dla grup mieszanych, integracje firmowe, warsztaty samoobrony","og_url":"https:\/\/www.samoobronapoznan.pl\/?page_id=17","og_site_name":"Samoobrona Pozna\u0144","article_publisher":"https:\/\/facebook.com\/samoobronapoznan","article_modified_time":"2025-04-02T09:42:08+00:00","og_image":[{"url":"https:\/\/www.samoobronapoznan.pl\/wp-content\/uploads\/2025\/01\/warsztaty-1024x576.jpg","type":"","width":"","height":""}],"twitter_card":"summary_large_image","twitter_misc":{"Szacowany czas czytania":"2 minuty"},"schema":{"@context":"https:\/\/schema.org","@graph":[{"@type":"WebPage","@id":"https:\/\/www.samoobronapoznan.pl\/?page_id=17","url":"https:\/\/www.samoobronapoznan.pl\/?page_id=17","name":"Warsztaty samoobrony","isPartOf":{"@id":"https:\/\/www.samoobronapoznan.pl\/#website"},"primaryImageOfPage":{"@id":"https:\/\/www.samoobronapoznan.pl\/?page_id=17#primaryimage"},"image":{"@id":"https:\/\/www.samoobronapoznan.pl\/?page_id=17#primaryimage"},"thumbnailUrl":"https:\/\/www.samoobronapoznan.pl\/wp-content\/uploads\/2025\/01\/warsztaty-1024x576.jpg","datePublished":"2022-09-01T19:35:52+00:00","dateModified":"2025-04-02T09:42:08+00:00","description":"kursy samoobrony dla kobiet, kursy samoobrony dla firm, kursy samoobrony dla grup mieszanych, integracje firmowe, warsztaty samoobrony","breadcrumb":{"@id":"https:\/\/www.samoobronapoznan.pl\/?page_id=17#breadcrumb"},"inLanguage":"pl-PL","potentialAction":[{"@type":"ReadAction","target":["https:\/\/www.samoobronapoznan.pl\/?page_id=17"]}]},{"@type":"ImageObject","inLanguage":"pl-PL","@id":"https:\/\/www.samoobronapoznan.pl\/?page_id=17#primaryimage","url":"https:\/\/www.samoobronapoznan.pl\/wp-content\/uploads\/2025\/01\/warsztaty.jpg","contentUrl":"https:\/\/www.samoobronapoznan.pl\/wp-content\/uploads\/2025\/01\/warsztaty.jpg","width":1920,"height":1080},{"@type":"BreadcrumbList","@id":"https:\/\/www.samoobronapoznan.pl\/?page_id=17#breadcrumb","itemListElement":[{"@type":"ListItem","position":1,"name":"Strona g\u0142\u00f3wna","item":"https:\/\/www.samoobronapoznan.pl\/"},{"@type":"ListItem","position":2,"name":"WARSZTATY I SZKOLENIA"}]},{"@type":"WebSite","@id":"https:\/\/www.samoobronapoznan.pl\/#website","url":"https:\/\/www.samoobronapoznan.pl\/","name":"Samoobrona Pozna\u0144","description":"Wielkopolskie Centrum Samoobrony i Bezpiecze\u0144stwa","publisher":{"@id":"https:\/\/www.samoobronapoznan.pl\/#organization"},"potentialAction":[{"@type":"SearchAction","target":{"@type":"EntryPoint","urlTemplate":"https:\/\/www.samoobronapoznan.pl\/?s={search_term_string}"},"query-input":{"@type":"PropertyValueSpecification","valueRequired":true,"valueName":"search_term_string"}}],"inLanguage":"pl-PL"},{"@type":"Organization","@id":"https:\/\/www.samoobronapoznan.pl\/#organization","name":"Wielkopolskie Centrum Samoobrony i Bezpiecze\u0144stwa Pozna\u0144","url":"https:\/\/www.samoobronapoznan.pl\/","logo":{"@type":"ImageObject","inLanguage":"pl-PL","@id":"https:\/\/www.samoobronapoznan.pl\/#\/schema\/logo\/image\/","url":"https:\/\/www.samoobronapoznan.pl\/wp-content\/uploads\/2022\/09\/WCSIB.jpg","contentUrl":"https:\/\/www.samoobronapoznan.pl\/wp-content\/uploads\/2022\/09\/WCSIB.jpg","width":960,"height":956,"caption":"Wielkopolskie Centrum Samoobrony i Bezpiecze\u0144stwa Pozna\u0144"},"image":{"@id":"https:\/\/www.samoobronapoznan.pl\/#\/schema\/logo\/image\/"},"sameAs":["https:\/\/facebook.com\/samoobronapoznan","https:\/\/www.instagram.com\/wcsib_poznan"],"email":"kontakt@samoobronapoznan.pl","telephone":"+48 727 907 468"}]}},"_links":{"self":[{"href":"https:\/\/www.samoobronapoznan.pl\/index.php?rest_route=\/wp\/v2\/pages\/17","targetHints":{"allow":["GET"]}}],"collection":[{"href":"https:\/\/www.samoobronapoznan.pl\/index.php?rest_route=\/wp\/v2\/pages"}],"about":[{"href":"https:\/\/www.samoobronapoznan.pl\/index.php?rest_route=\/wp\/v2\/types\/page"}],"author":[{"embeddable":true,"href":"https:\/\/www.samoobronapoznan.pl\/index.php?rest_route=\/wp\/v2\/users\/1"}],"replies":[{"embeddable":true,"href":"https:\/\/www.samoobronapoznan.pl\/index.php?rest_route=%2Fwp%2Fv2%2Fcomments&post=17"}],"version-history":[{"count":9,"href":"https:\/\/www.samoobronapoznan.pl\/index.php?rest_route=\/wp\/v2\/pages\/17\/revisions"}],"predecessor-version":[{"id":1419,"href":"https:\/\/www.samoobronapoznan.pl\/index.php?rest_route=\/wp\/v2\/pages\/17\/revisions\/1419"}],"wp:attachment":[{"href":"https:\/\/www.samoobronapoznan.pl\/index.php?rest_route=%2Fwp%2Fv2%2Fmedia&parent=17"}],"curies":[{"name":"wp","href":"https:\/\/api.w.org\/{rel}","templated":true}]}}